{"id":11815,"date":"2021-02-23T09:23:13","date_gmt":"2021-02-23T08:23:13","guid":{"rendered":"https:\/\/cpzizur.educacion.navarra.es\/web1\/?page_id=11815"},"modified":"2021-02-23T09:27:40","modified_gmt":"2021-02-23T08:27:40","slug":"espacios-para-aprender","status":"publish","type":"page","link":"https:\/\/cpzizur.educacion.navarra.es\/web1\/espacios-para-aprender\/","title":{"rendered":"Espacios para aprender"},"content":{"rendered":"\n<h2><strong>Educaci\u00f3n infantil<\/strong><\/h2>\n\n\n\n<p>Nuestros ni\u00f1os y ni\u00f1as de infantil pueden moverse libremente para elegir la propuesta de aprendizaje m\u00e1s cercana a su inter\u00e9s y motivaci\u00f3n personal.<\/p>\n\n\n\n<ul><li>En nuestro centro todos los espacios son educativos y tambi\u00e9n en los pasillos nos encontramos con distintas propuestas de aprendizaje.<\/li><\/ul>\n\n\n\n<p>Los distintos espacios respetan la diversidad y el ritmo personal de cada ni\u00f1o\/a.<\/p>\n\n\n\n<figure class=\"wp-block-image size-large\"><img loading=\"lazy\" width=\"981\" height=\"981\" src=\"https:\/\/cpzizur.educacion.navarra.es\/web1\/wp-content\/uploads\/2021\/02\/image003.jpg\" alt=\"\" class=\"wp-image-11817\" srcset=\"https:\/\/cpzizur.educacion.navarra.es\/web1\/wp-content\/uploads\/2021\/02\/image003.jpg 981w, https:\/\/cpzizur.educacion.navarra.es\/web1\/wp-content\/uploads\/2021\/02\/image003-300x300.jpg 300w, https:\/\/cpzizur.educacion.navarra.es\/web1\/wp-content\/uploads\/2021\/02\/image003-150x150.jpg 150w, https:\/\/cpzizur.educacion.navarra.es\/web1\/wp-content\/uploads\/2021\/02\/image003-768x768.jpg 768w\" sizes=\"(max-width: 981px) 100vw, 981px\" \/><\/figure>\n\n\n\n<p>Las zonas de 3, 4 y 5 a\u00f1os acogen <strong>los espacios de:<\/strong><\/p>\n\n\n\n<ul><li><strong>Vida pr\u00e1ctica<\/strong> donde los ni\u00f1os\/as pueden trabajar la independencia, el orden, la concentraci\u00f3n y la coordinaci\u00f3n.<\/li><\/ul>\n\n\n\n<figure class=\"wp-block-image size-large\"><img loading=\"lazy\" width=\"759\" height=\"759\" src=\"https:\/\/cpzizur.educacion.navarra.es\/web1\/wp-content\/uploads\/2021\/02\/image004.jpg\" alt=\"\" class=\"wp-image-11818\" srcset=\"https:\/\/cpzizur.educacion.navarra.es\/web1\/wp-content\/uploads\/2021\/02\/image004.jpg 759w, https:\/\/cpzizur.educacion.navarra.es\/web1\/wp-content\/uploads\/2021\/02\/image004-300x300.jpg 300w, https:\/\/cpzizur.educacion.navarra.es\/web1\/wp-content\/uploads\/2021\/02\/image004-150x150.jpg 150w\" sizes=\"(max-width: 759px) 100vw, 759px\" \/><\/figure>\n\n\n\n<ul><li><strong>Sensorial<\/strong>: en esta zona pueden ejercitar sus sentidos que les permitir\u00e1n pasar a la abstracci\u00f3n a trav\u00e9s de la experiencia.<\/li><\/ul>\n\n\n\n<figure class=\"wp-block-image size-large\"><img loading=\"lazy\" width=\"611\" height=\"611\" src=\"https:\/\/cpzizur.educacion.navarra.es\/web1\/wp-content\/uploads\/2021\/02\/image005.jpg\" alt=\"\" class=\"wp-image-11819\" srcset=\"https:\/\/cpzizur.educacion.navarra.es\/web1\/wp-content\/uploads\/2021\/02\/image005.jpg 611w, https:\/\/cpzizur.educacion.navarra.es\/web1\/wp-content\/uploads\/2021\/02\/image005-300x300.jpg 300w, https:\/\/cpzizur.educacion.navarra.es\/web1\/wp-content\/uploads\/2021\/02\/image005-150x150.jpg 150w\" sizes=\"(max-width: 611px) 100vw, 611px\" \/><\/figure>\n\n\n\n<ul><li><strong>Naturaleza <\/strong>donde utilizan elementos naturales como la madera y la arena para construir, sentir y crear.<\/li><\/ul>\n\n\n\n<figure class=\"wp-block-image size-large\"><img loading=\"lazy\" width=\"1024\" height=\"768\" src=\"https:\/\/cpzizur.educacion.navarra.es\/web1\/wp-content\/uploads\/2021\/02\/image006-1-1024x768.jpg\" alt=\"\" class=\"wp-image-11821\" srcset=\"https:\/\/cpzizur.educacion.navarra.es\/web1\/wp-content\/uploads\/2021\/02\/image006-1-1024x768.jpg 1024w, https:\/\/cpzizur.educacion.navarra.es\/web1\/wp-content\/uploads\/2021\/02\/image006-1-300x225.jpg 300w, https:\/\/cpzizur.educacion.navarra.es\/web1\/wp-content\/uploads\/2021\/02\/image006-1-768x576.jpg 768w, https:\/\/cpzizur.educacion.navarra.es\/web1\/wp-content\/uploads\/2021\/02\/image006-1-1536x1152.jpg 1536w, https:\/\/cpzizur.educacion.navarra.es\/web1\/wp-content\/uploads\/2021\/02\/image006-1-2048x1536.jpg 2048w\" sizes=\"(max-width: 1024px) 100vw, 1024px\" \/><\/figure>\n\n\n\n<ul><li><strong>L\u00f3gico- matem\u00e1tica<\/strong> aqu\u00ed pueden tocar, poner imagen y manipular la matem\u00e1tica.<\/li><\/ul>\n\n\n\n<p><\/p>\n\n\n\n<figure class=\"wp-block-image size-large\"><img loading=\"lazy\" width=\"812\" height=\"812\" src=\"https:\/\/cpzizur.educacion.navarra.es\/web1\/wp-content\/uploads\/2021\/02\/image008.jpg\" alt=\"\" class=\"wp-image-11822\" srcset=\"https:\/\/cpzizur.educacion.navarra.es\/web1\/wp-content\/uploads\/2021\/02\/image008.jpg 812w, https:\/\/cpzizur.educacion.navarra.es\/web1\/wp-content\/uploads\/2021\/02\/image008-300x300.jpg 300w, https:\/\/cpzizur.educacion.navarra.es\/web1\/wp-content\/uploads\/2021\/02\/image008-150x150.jpg 150w, https:\/\/cpzizur.educacion.navarra.es\/web1\/wp-content\/uploads\/2021\/02\/image008-768x768.jpg 768w\" sizes=\"(max-width: 812px) 100vw, 812px\" \/><\/figure>\n\n\n\n<ul><li><strong>C\u00f3smica y experimentaci\u00f3n <\/strong>donde entran en contacto con distintos materiales que les ayudan a entender el mundo exterior y a s\u00ed mismos.<\/li><\/ul>\n\n\n\n<figure class=\"wp-block-image size-large\"><img loading=\"lazy\" width=\"765\" height=\"765\" src=\"https:\/\/cpzizur.educacion.navarra.es\/web1\/wp-content\/uploads\/2021\/02\/image009.jpg\" alt=\"\" class=\"wp-image-11823\" srcset=\"https:\/\/cpzizur.educacion.navarra.es\/web1\/wp-content\/uploads\/2021\/02\/image009.jpg 765w, https:\/\/cpzizur.educacion.navarra.es\/web1\/wp-content\/uploads\/2021\/02\/image009-300x300.jpg 300w, https:\/\/cpzizur.educacion.navarra.es\/web1\/wp-content\/uploads\/2021\/02\/image009-150x150.jpg 150w\" sizes=\"(max-width: 765px) 100vw, 765px\" \/><\/figure>\n\n\n\n<ul><li><strong>Lectoescritura: <\/strong>con los materiales de este espacio los ni\u00f1os y ni\u00f1as aprenden a leer y escribir tocando, experimentando y entendiendo lo que hacen.<\/li><\/ul>\n\n\n\n<figure class=\"wp-block-image size-large\"><img loading=\"lazy\" width=\"796\" height=\"796\" src=\"https:\/\/cpzizur.educacion.navarra.es\/web1\/wp-content\/uploads\/2021\/02\/image010.jpg\" alt=\"\" class=\"wp-image-11824\" srcset=\"https:\/\/cpzizur.educacion.navarra.es\/web1\/wp-content\/uploads\/2021\/02\/image010.jpg 796w, https:\/\/cpzizur.educacion.navarra.es\/web1\/wp-content\/uploads\/2021\/02\/image010-300x300.jpg 300w, https:\/\/cpzizur.educacion.navarra.es\/web1\/wp-content\/uploads\/2021\/02\/image010-150x150.jpg 150w, https:\/\/cpzizur.educacion.navarra.es\/web1\/wp-content\/uploads\/2021\/02\/image010-768x768.jpg 768w\" sizes=\"(max-width: 796px) 100vw, 796px\" \/><\/figure>\n\n\n\n<h2><strong>Educaci\u00f3n Primaria<\/strong><\/h2>\n\n\n\n<p>En el edificio de primaria, encontramos las aulas de primero a sexto.<\/p>\n\n\n\n<p>Cada grupo tiene un aula con diferentes zonas de aprendizaje:<\/p>\n\n\n\n<ul><li>Lectura<\/li><li>Inform\u00e1tica<\/li><li>proyecto<\/li><\/ul>\n\n\n\n<p>Los alumnos y alumnas comparten un aula con materiales de desarrollo Montessori donde trabajan la matem\u00e1tica, el lenguaje y la c\u00f3smica.<\/p>\n\n\n\n<figure class=\"wp-block-image size-large\"><img loading=\"lazy\" width=\"724\" height=\"1024\" src=\"https:\/\/cpzizur.educacion.navarra.es\/web1\/wp-content\/uploads\/2021\/02\/image011-min-724x1024.png\" alt=\"\" class=\"wp-image-11829\" srcset=\"https:\/\/cpzizur.educacion.navarra.es\/web1\/wp-content\/uploads\/2021\/02\/image011-min-724x1024.png 724w, https:\/\/cpzizur.educacion.navarra.es\/web1\/wp-content\/uploads\/2021\/02\/image011-min-212x300.png 212w, https:\/\/cpzizur.educacion.navarra.es\/web1\/wp-content\/uploads\/2021\/02\/image011-min-768x1086.png 768w, https:\/\/cpzizur.educacion.navarra.es\/web1\/wp-content\/uploads\/2021\/02\/image011-min-1086x1536.png 1086w, https:\/\/cpzizur.educacion.navarra.es\/web1\/wp-content\/uploads\/2021\/02\/image011-min.png 1240w\" sizes=\"(max-width: 724px) 100vw, 724px\" \/><\/figure>\n\n\n\n<p>Adem\u00e1s, el edificio cuenta con aulas de religi\u00f3n, euskera, m\u00fasica y las salas de lectura e inform\u00e1tica.<\/p>\n\n\n\n<figure class=\"wp-block-image size-large\"><img loading=\"lazy\" width=\"798\" height=\"798\" src=\"https:\/\/cpzizur.educacion.navarra.es\/web1\/wp-content\/uploads\/2021\/02\/image012.jpg\" alt=\"\" class=\"wp-image-11825\" srcset=\"https:\/\/cpzizur.educacion.navarra.es\/web1\/wp-content\/uploads\/2021\/02\/image012.jpg 798w, https:\/\/cpzizur.educacion.navarra.es\/web1\/wp-content\/uploads\/2021\/02\/image012-300x300.jpg 300w, https:\/\/cpzizur.educacion.navarra.es\/web1\/wp-content\/uploads\/2021\/02\/image012-150x150.jpg 150w, https:\/\/cpzizur.educacion.navarra.es\/web1\/wp-content\/uploads\/2021\/02\/image012-768x768.jpg 768w\" sizes=\"(max-width: 798px) 100vw, 798px\" \/><\/figure>\n\n\n\n<figure class=\"wp-block-image size-large\"><img loading=\"lazy\" width=\"1024\" height=\"1024\" src=\"https:\/\/cpzizur.educacion.navarra.es\/web1\/wp-content\/uploads\/2021\/02\/image013-1024x1024.jpg\" alt=\"\" class=\"wp-image-11826\" srcset=\"https:\/\/cpzizur.educacion.navarra.es\/web1\/wp-content\/uploads\/2021\/02\/image013-1024x1024.jpg 1024w, https:\/\/cpzizur.educacion.navarra.es\/web1\/wp-content\/uploads\/2021\/02\/image013-300x300.jpg 300w, https:\/\/cpzizur.educacion.navarra.es\/web1\/wp-content\/uploads\/2021\/02\/image013-150x150.jpg 150w, https:\/\/cpzizur.educacion.navarra.es\/web1\/wp-content\/uploads\/2021\/02\/image013-768x768.jpg 768w, https:\/\/cpzizur.educacion.navarra.es\/web1\/wp-content\/uploads\/2021\/02\/image013.jpg 1200w\" sizes=\"(max-width: 1024px) 100vw, 1024px\" \/><\/figure>\n\n\n\n<h2><strong>Huerta escolar<\/strong><\/h2>\n\n\n\n<p>Desde infantil los alumnos y alumnas entran en contacto con las labores de siembra, plantaci\u00f3n y recolecci\u00f3n.<\/p>\n\n\n\n<p>Ellos son los encargados de sembrar y plantar distintas verduras y hortalizas que despu\u00e9s recogen y llevan a casa para compartirlas con sus familias.<\/p>\n\n\n\n<p>El huerto escolar permite que los ni\u00f1os y ni\u00f1as de distintas edades interact\u00faen entre s\u00ed y trabajen juntos, lo que favorece el trabajo colaborativo y cooperativo.<\/p>\n\n\n\n<figure class=\"wp-block-image size-large\"><img loading=\"lazy\" width=\"910\" height=\"910\" src=\"https:\/\/cpzizur.educacion.navarra.es\/web1\/wp-content\/uploads\/2021\/02\/image014.jpg\" alt=\"\" class=\"wp-image-11828\" srcset=\"https:\/\/cpzizur.educacion.navarra.es\/web1\/wp-content\/uploads\/2021\/02\/image014.jpg 910w, https:\/\/cpzizur.educacion.navarra.es\/web1\/wp-content\/uploads\/2021\/02\/image014-300x300.jpg 300w, https:\/\/cpzizur.educacion.navarra.es\/web1\/wp-content\/uploads\/2021\/02\/image014-150x150.jpg 150w, https:\/\/cpzizur.educacion.navarra.es\/web1\/wp-content\/uploads\/2021\/02\/image014-768x768.jpg 768w\" sizes=\"(max-width: 910px) 100vw, 910px\" \/><\/figure>\n","protected":false},"excerpt":{"rendered":"<p>Educaci\u00f3n infantil Nuestros ni\u00f1os y ni\u00f1as de infantil pueden moverse libremente para elegir la propuesta de aprendizaje m\u00e1s cercana a su inter\u00e9s y motivaci\u00f3n personal. En nuestro centro todos los espacios son educativos y tambi\u00e9n en los pasillos nos encontramos con distintas propuestas de aprendizaje. Los distintos espacios respetan la diversidad y el ritmo personal [&hellip;]<\/p>\n","protected":false},"author":1,"featured_media":0,"parent":0,"menu_order":0,"comment_status":"closed","ping_status":"closed","template":"","meta":{"_genesis_hide_title":false,"_genesis_hide_breadcrumbs":false,"_genesis_hide_singular_image":false,"_genesis_hide_footer_widgets":false,"_genesis_custom_body_class":"","_genesis_custom_post_class":"","_genesis_layout":""},"_links":{"self":[{"href":"https:\/\/cpzizur.educacion.navarra.es\/web1\/wp-json\/wp\/v2\/pages\/11815"}],"collection":[{"href":"https:\/\/cpzizur.educacion.navarra.es\/web1\/wp-json\/wp\/v2\/pages"}],"about":[{"href":"https:\/\/cpzizur.educacion.navarra.es\/web1\/wp-json\/wp\/v2\/types\/page"}],"author":[{"embeddable":true,"href":"https:\/\/cpzizur.educacion.navarra.es\/web1\/wp-json\/wp\/v2\/users\/1"}],"replies":[{"embeddable":true,"href":"https:\/\/cpzizur.educacion.navarra.es\/web1\/wp-json\/wp\/v2\/comments?post=11815"}],"version-history":[{"count":4,"href":"https:\/\/cpzizur.educacion.navarra.es\/web1\/wp-json\/wp\/v2\/pages\/11815\/revisions"}],"predecessor-version":[{"id":11831,"href":"https:\/\/cpzizur.educacion.navarra.es\/web1\/wp-json\/wp\/v2\/pages\/11815\/revisions\/11831"}],"wp:attachment":[{"href":"https:\/\/cpzizur.educacion.navarra.es\/web1\/wp-json\/wp\/v2\/media?parent=11815"}],"curies":[{"name":"wp","href":"https:\/\/api.w.org\/{rel}","templated":true}]}}